{"id":571,"date":"2023-12-04T21:21:01","date_gmt":"2023-12-04T21:21:01","guid":{"rendered":"https:\/\/www.sociallycorrect.it\/website\/?page_id=571"},"modified":"2026-02-24T11:34:23","modified_gmt":"2026-02-24T11:34:23","slug":"premiazione-xiv-concorso","status":"publish","type":"page","link":"https:\/\/www.sociallycorrect.it\/website\/eventi-socially-correct\/premiazione-xiv-concorso\/","title":{"rendered":"PREMIAZIONE XIV CONCORSO"},"content":{"rendered":"\n<div class=\"wp-block-cover alignfull is-light has-parallax\"><div class=\"wp-block-cover__image-background wp-image-572 has-parallax\" style=\"background-position:50% 50%;background-image:url(https:\/\/www.sociallycorrect.it\/website\/wp-content\/uploads\/2023\/12\/sociallycorrect_2022.jpg)\"><\/div><span aria-hidden=\"true\" class=\"wp-block-cover__background has-background-dim\"><\/span><div class=\"wp-block-cover__inner-container is-layout-flow wp-block-cover-is-layout-flow\">\n<p class=\"has-text-align-center has-base-2-color has-text-color has-link-color has-heading-font-family has-small-font-size wp-elements-98494696bb949c5ad3f882185ac37919\">PREMIAZIONE XIV CONCORSO<\/p>\n\n\n\n<p class=\"has-text-align-center has-base-2-color has-text-color has-link-color has-heading-font-family has-large-font-size wp-elements-83c04e4ee4cd806e8f775ba4f15ac12e\"><strong>INCLUSIONE DELLE PERSONE CON DISABILITA\u2019 NEL MONDO DEL LAVORO: <\/strong><strong>UNA SCELTA, NON UN OBBLIGO<\/strong><\/p>\n\n\n\n<p class=\"has-text-align-center has-base-2-color has-text-color has-link-color has-heading-font-family has-small-font-size wp-elements-089662da8a66b00f050e1e72b759ef05\">Socially Correct <br>2022 Spoleto<\/p>\n<\/div><\/div>\n\n\n\n<div class=\"wp-block-group alignwide is-horizontal is-content-justification-left is-layout-flex wp-container-core-group-is-layout-e1041a31 wp-block-group-is-layout-flex\" style=\"padding-top:var(--wp--preset--spacing--50);padding-right:var(--wp--preset--spacing--50);padding-bottom:var(--wp--preset--spacing--50);padding-left:var(--wp--preset--spacing--50)\">\n<div class=\"wp-block-columns alignwide is-layout-flex wp-container-core-columns-is-layout-28f84493 wp-block-columns-is-layout-flex\">\n<div class=\"wp-block-column is-vertically-aligned-top is-layout-flow wp-block-column-is-layout-flow\" style=\"flex-basis:65%\">\n<div class=\"wp-block-group is-vertical is-content-justification-center is-layout-flex wp-container-core-group-is-layout-b939bff0 wp-block-group-is-layout-flex\">\n<p>L\u2019evento per la 14<sup>a<\/sup>&nbsp;edizione del concorso dedicata al tema dell\u2019inserimento delle persone con disabilit\u00e0 nel mondo del lavoro, organizzato in collaborazione con il Ministro per le disabilit\u00e0, si \u00e8 svolto a Spoleto il 9 luglio alla Sala Convegni San Nicol\u00f2, Spoleto.<\/p>\n\n\n\n<div style=\"height:12px\" aria-hidden=\"true\" class=\"wp-block-spacer wp-container-content-cc4259ba\"><\/div>\n\n\n\n<p>L\u2019evento di premiazione \u00e8 stato aperto da<strong>&nbsp;Andrea Sisti,<\/strong>&nbsp;Sindaco di Spoleto e Presidente della Fondazione Festival dei Due Mondi Onlus.&nbsp;&nbsp;La campagna vincitrice intitolata \u201cScopri quanto vale\u201d, ideata da&nbsp;<strong>Martina Cavinato&nbsp;<\/strong>\u2013 Art Director e&nbsp;<strong>Claudia Chiapparino&nbsp;<\/strong>\u2013 Copywriter, studenti del Master in ideazione e produzione audiovisiva cinematografica e per i media digitali dell\u2019ALMED \u2013 Universit\u00e0&nbsp;Cattolica del&nbsp;Sacro Cuore, Milano \u00e8 stata presentata da&nbsp;<strong>Giovanna Paolini.&nbsp;&nbsp;<\/strong>Al termine della presentazione, Il Ministro per le disabilit\u00e0,&nbsp;<strong>Erika Stefani,<\/strong>&nbsp;ha presentato le vincitrici con il loro premio di uno stage lavorativo nell\u2019agenzia di pubblicit\u00e0 Saatchi &amp; Saatchi.<\/p>\n\n\n\n<div style=\"height:12px\" aria-hidden=\"true\" class=\"wp-block-spacer wp-container-content-cc4259ba\"><\/div>\n\n\n\n<p>L\u2019evento \u00e8 proseguito con un dibattito a tavola rotonda sul tema, moderata da<strong>&nbsp;Simona Arrigoni&nbsp;<\/strong>\u2013 Giornalista Rai e 7Gold, conduttrice e scrittrice. Il Ministro per le disabilit\u00e0,&nbsp;<strong>Erika Stefani,<\/strong>&nbsp;ha aperto il dibattito in cui sono intervenuti&nbsp;<strong>Donatella Tesei,&nbsp;<\/strong>Presidente della Regione Umbria<strong>, Diego Borella,&nbsp;<\/strong>Osservatorio Nazionale sulla Condizione delle Persone con Disabilit\u00e0<strong>, Emanuele Bonilli,&nbsp;<\/strong>Responsabile Progetto \u2018Nuclei di Inclusione Lavorativa\u2019 della Coop Il Cerchio di Spoleto e&nbsp;<strong>Barbara Balducci&nbsp;<\/strong>\u2013 Operatore della Fattoria Sociale di Spoleto.&nbsp;&nbsp;<strong>Monique Veaute,&nbsp;<\/strong>Direttore Artistico della Fondazione Festival dei Due Mondi Spoleto, ha fatto l\u2019intervento di chiusura e un&nbsp;rinfresco \u00e8 stato offerto&nbsp;dalla Fattoria Sociale.&nbsp;&nbsp;L\u2019evento \u00e8 stato tradotto nella Lingua dei Segni.<\/p>\n<\/div>\n<\/div>\n\n\n\n<div class=\"wp-block-column is-layout-flow wp-block-column-is-layout-flow\" style=\"flex-basis:35%\">\n<figure class=\"wp-block-image size-large is-style-rounded is-style-rounded--1\"><img loading=\"lazy\" decoding=\"async\" width=\"1024\" height=\"738\" src=\"https:\/\/www.sociallycorrect.it\/website\/wp-content\/uploads\/2025\/10\/unnamed-1-1024x738.png\" alt=\"\" class=\"wp-image-2187\" srcset=\"https:\/\/www.sociallycorrect.it\/website\/wp-content\/uploads\/2025\/10\/unnamed-1-1024x738.png 1024w, https:\/\/www.sociallycorrect.it\/website\/wp-content\/uploads\/2025\/10\/unnamed-1-300x216.png 300w, https:\/\/www.sociallycorrect.it\/website\/wp-content\/uploads\/2025\/10\/unnamed-1-768x553.png 768w, https:\/\/www.sociallycorrect.it\/website\/wp-content\/uploads\/2025\/10\/unnamed-1-1536x1107.png 1536w, https:\/\/www.sociallycorrect.it\/website\/wp-content\/uploads\/2025\/10\/unnamed-1.png 1542w\" sizes=\"auto, (max-width: 1024px) 100vw, 1024px\" \/><\/figure>\n<\/div>\n<\/div>\n<\/div>\n\n\n\n<h2 class=\"wp-block-heading has-text-align-center\">Rassegna Stampa<\/h2>\n\n\n\n<div class=\"wp-block-columns is-layout-flex wp-container-core-columns-is-layout-28f84493 wp-block-columns-is-layout-flex\">\n<div class=\"wp-block-column is-layout-flow wp-block-column-is-layout-flow\" style=\"flex-basis:50%\">\n<p class=\"has-text-align-center has-small-font-size\"><a href=\"https:\/\/www.festivaldispoleto.com\/eventi\/concorso-socially-correct-2022\" target=\"_blank\" rel=\"noreferrer noopener\">Festival di Spoleto 2022<\/a><\/p>\n\n\n\n<p class=\"has-text-align-center has-small-font-size\"><a href=\"https:\/\/www.rainews.it\/tgr\/umbria\/video\/2022\/07\/watchfolder-tgr-umbria-web-brughini-1a-disabili-e-ministra-1m-53mxf-10c2fd74-1257-43d6-b1db-bc9221185019.html?nxtep\" target=\"_blank\" rel=\"noreferrer noopener\">RAI TG3<\/a><\/p>\n\n\n\n<p class=\"has-text-align-center has-small-font-size\"><a href=\"https:\/\/tg24.sky.it\/perugia\/2022\/07\/09\/tesei-desiderio-e-non-obbligo-di-offrire-lavoro-ai-disabili\" target=\"_blank\" rel=\"noreferrer noopener\">RAI NEWS 24<\/a><\/p>\n\n\n\n<p class=\"has-text-align-center has-small-font-size\"><a href=\"https:\/\/video.sky.it\/news\/cronaca\/video\/socially-correct-stefani-inclusione-disabili-nel-lavoro-761182\" target=\"_blank\" rel=\"noreferrer noopener\">SKY<\/a><\/p>\n\n\n\n<p class=\"has-text-align-center has-small-font-size\"><a href=\"https:\/\/www.superando.it\/2022\/07\/08\/linclusione-lavorativa-delle-persone-con-disabilita-una-scelta-non-un-obbligo\/\" target=\"_blank\" rel=\"noreferrer noopener\">Superando<\/a><\/p>\n\n\n\n<p class=\"has-text-align-center has-small-font-size\"><a href=\"https:\/\/www.animaperilsociale.it\/concorso-socially-correct-2022-linclusione-delle-persone-con-disabilita-nel-mondo-del-lavoro-una-scelta-non-un-obbligo-ore-11-00-9-luglio-2022-complesso-monume\/\" target=\"_blank\" rel=\"noreferrer noopener\">Anima per il Sociale<\/a><\/p>\n\n\n\n<p class=\"has-text-align-center has-small-font-size\"><a href=\"https:\/\/www.mediakey.tv\/leggi-news\/il-concorso-socially-correct-2022-promosso-dal-ministro-per-le-disabilita-in-collaborazione-con-saatchi-saatchi-sostiene-linclusione-delle-persone-con-disabilita-nel-mondo-del-lavoro\" target=\"_blank\" rel=\"noreferrer noopener\">Media Key<\/a><\/p>\n<\/div>\n\n\n\n<div class=\"wp-block-column is-layout-flow wp-block-column-is-layout-flow\" style=\"flex-basis:50%\">\n<p class=\"has-text-align-center has-small-font-size\"><a href=\"https:\/\/brand-news.it\/player\/premi\/il-concorso-socially-correct-con-saatchi-saatchi-sostiene-linclusione-delle-persone-con-disabilita-nel-mondo-del-lavoro\/\" target=\"_blank\" rel=\"noreferrer noopener\">Brand News<\/a><\/p>\n\n\n\n<p class=\"has-text-align-center has-small-font-size\"><a href=\"https:\/\/askanews.it\/old\/op.php?file=\/cronaca\/2022\/07\/07\/sabato-sar%25C3%25A0-presentata-campagna-vincitrice-concorso-socially-correct-pn_20220707_00093\/\" target=\"_blank\" rel=\"noreferrer noopener\">Ask a news<\/a><\/p>\n\n\n\n<p class=\"has-text-align-center has-small-font-size\"><a href=\"https:\/\/www.ansa.it\/umbria\/notizie\/2022\/07\/09\/stefani-disabilita-deve-uscire-dalla-mera-assistenza_116e2044-5950-40e4-a51a-f7c64d33aa49.html\" target=\"_blank\" rel=\"noreferrer noopener\">Ansa<\/a><\/p>\n\n\n\n<p class=\"has-text-align-center has-small-font-size\"><a href=\"https:\/\/umbrianotizieweb.it\/politica\/40173-inclusione-persone-con-disabilita-nel-mondo-del-lavoro-presidente-regione-umbria-tesei-partecipa-domani-a-spoleto-a-tavola-rotonda-con-ministro-erika-stefanii\" target=\"_blank\" rel=\"noreferrer noopener\">Umbria Notizie<\/a><\/p>\n\n\n\n<p class=\"has-text-align-center has-small-font-size\"><a href=\"https:\/\/www.spoletonline.com\/169034\/Il-concorso-Socially-Correct-ancora-a-Spoleto\" target=\"_blank\" rel=\"noreferrer noopener\">Spoleto Online<\/a><\/p>\n\n\n\n<p class=\"has-text-align-center has-small-font-size\"><a href=\"https:\/\/www.redattoresociale.it\/article\/notiziario\/disabilita_a_spoleto_la_premiazione_della_campagna_vincitrice_del_concorso_socially_correct\" target=\"_blank\" rel=\"noreferrer noopener\">Redattore Sociale<\/a><\/p>\n\n\n\n<p class=\"has-text-align-center has-small-font-size\"><a href=\"https:\/\/youmark.it\/ym-youmark\/in-memoria-di-paolo-ettorre-concorso-socially-correct-2022-linclusione-delle-persone-con-disabilita-nel-mondo-del-lavoro-una-scelta-non-un-obbligo-progetto-di-comunicazione-prom\/\" target=\"_blank\" rel=\"noreferrer noopener\">Youmark<\/a><\/p>\n\n\n\n<figure class=\"wp-block-audio\"><audio controls src=\"http:\/\/www.sociallycorrect.it\/website\/wp-content\/uploads\/2023\/11\/20220709-ISORADIO-SOCIALLYCORRECT.mp3\"><\/audio><figcaption class=\"wp-element-caption\">ISORADIO<\/figcaption><\/figure>\n<\/div>\n<\/div>\n\n\n\n<div class=\"wp-block-columns alignwide is-layout-flex wp-container-core-columns-is-layout-28f84493 wp-block-columns-is-layout-flex\">\n<div class=\"wp-block-column is-layout-flow wp-block-column-is-layout-flow\">\n<figure class=\"wp-block-embed is-type-video is-provider-youtube wp-block-embed-youtube wp-embed-aspect-16-9 wp-has-aspect-ratio\"><div class=\"wp-block-embed__wrapper\">\n<iframe loading=\"lazy\" title=\"Socially Correct - PREMIAZIONE 2022\" width=\"500\" height=\"281\" src=\"https:\/\/www.youtube.com\/embed\/PVh58nEEH5w?feature=oembed\" frameborder=\"0\" allow=\"accelerometer; autoplay; clipboard-write; encrypted-media; gyroscope; picture-in-picture; web-share\" referrerpolicy=\"strict-origin-when-cross-origin\" allowfullscreen><\/iframe>\n<\/div><\/figure>\n<\/div>\n\n\n\n<div class=\"wp-block-column is-layout-flow wp-block-column-is-layout-flow\">\n<figure class=\"wp-block-embed is-type-video is-provider-youtube wp-block-embed-youtube wp-embed-aspect-16-9 wp-has-aspect-ratio\"><div class=\"wp-block-embed__wrapper\">\n<iframe loading=\"lazy\" title=\"Socially Correct 22 SKY TG24\" width=\"500\" height=\"281\" src=\"https:\/\/www.youtube.com\/embed\/MHnGlJ3oCsA?feature=oembed\" frameborder=\"0\" allow=\"accelerometer; autoplay; clipboard-write; encrypted-media; gyroscope; picture-in-picture; web-share\" referrerpolicy=\"strict-origin-when-cross-origin\" allowfullscreen><\/iframe>\n<\/div><\/figure>\n<\/div>\n<\/div>\n\n\n\n<p><\/p>\n\n\n\n<figure class=\"wp-block-gallery alignwide has-nested-images columns-default is-cropped wp-block-gallery-2 is-layout-flex wp-block-gallery-is-layout-flex\">\n<figure class=\"wp-block-image aligncenter size-large\"><img loading=\"lazy\" decoding=\"async\" width=\"767\" height=\"1024\" data-id=\"992\" src=\"https:\/\/www.sociallycorrect.it\/website\/wp-content\/uploads\/2024\/02\/53d446b8-a8c2-4070-a4dc-77b11a9d257d-767x1024.jpg\" alt=\"\" class=\"wp-image-992\" srcset=\"https:\/\/www.sociallycorrect.it\/website\/wp-content\/uploads\/2024\/02\/53d446b8-a8c2-4070-a4dc-77b11a9d257d-767x1024.jpg 767w, https:\/\/www.sociallycorrect.it\/website\/wp-content\/uploads\/2024\/02\/53d446b8-a8c2-4070-a4dc-77b11a9d257d-225x300.jpg 225w, https:\/\/www.sociallycorrect.it\/website\/wp-content\/uploads\/2024\/02\/53d446b8-a8c2-4070-a4dc-77b11a9d257d-768x1026.jpg 768w, https:\/\/www.sociallycorrect.it\/website\/wp-content\/uploads\/2024\/02\/53d446b8-a8c2-4070-a4dc-77b11a9d257d-1150x1536.jpg 1150w, https:\/\/www.sociallycorrect.it\/website\/wp-content\/uploads\/2024\/02\/53d446b8-a8c2-4070-a4dc-77b11a9d257d.jpg 1198w\" sizes=\"auto, (max-width: 767px) 100vw, 767px\" \/><\/figure>\n\n\n\n<figure class=\"wp-block-image size-large\"><img loading=\"lazy\" decoding=\"async\" width=\"1024\" height=\"768\" data-id=\"990\" src=\"https:\/\/www.sociallycorrect.it\/website\/wp-content\/uploads\/2024\/02\/154a566d-cea5-4c8b-ac81-1ad8d51b6085.jpg\" alt=\"\" class=\"wp-image-990\" srcset=\"https:\/\/www.sociallycorrect.it\/website\/wp-content\/uploads\/2024\/02\/154a566d-cea5-4c8b-ac81-1ad8d51b6085.jpg 1024w, https:\/\/www.sociallycorrect.it\/website\/wp-content\/uploads\/2024\/02\/154a566d-cea5-4c8b-ac81-1ad8d51b6085-300x225.jpg 300w, https:\/\/www.sociallycorrect.it\/website\/wp-content\/uploads\/2024\/02\/154a566d-cea5-4c8b-ac81-1ad8d51b6085-768x576.jpg 768w\" sizes=\"auto, (max-width: 1024px) 100vw, 1024px\" \/><\/figure>\n\n\n\n<figure class=\"wp-block-image size-large\"><img loading=\"lazy\" decoding=\"async\" width=\"1024\" height=\"768\" data-id=\"991\" src=\"https:\/\/www.sociallycorrect.it\/website\/wp-content\/uploads\/2024\/02\/6bb68ede-4cc1-4c0e-b7ee-523e9a9a8c23.jpg\" alt=\"\" class=\"wp-image-991\" srcset=\"https:\/\/www.sociallycorrect.it\/website\/wp-content\/uploads\/2024\/02\/6bb68ede-4cc1-4c0e-b7ee-523e9a9a8c23.jpg 1024w, https:\/\/www.sociallycorrect.it\/website\/wp-content\/uploads\/2024\/02\/6bb68ede-4cc1-4c0e-b7ee-523e9a9a8c23-300x225.jpg 300w, https:\/\/www.sociallycorrect.it\/website\/wp-content\/uploads\/2024\/02\/6bb68ede-4cc1-4c0e-b7ee-523e9a9a8c23-768x576.jpg 768w\" sizes=\"auto, (max-width: 1024px) 100vw, 1024px\" \/><\/figure>\n\n\n\n<figure class=\"wp-block-image size-large\"><img loading=\"lazy\" decoding=\"async\" width=\"1024\" height=\"861\" data-id=\"994\" src=\"https:\/\/www.sociallycorrect.it\/website\/wp-content\/uploads\/2024\/02\/84dbaf8b-a44e-46e5-b31f-e55e44b2bf31-1024x861.jpg\" alt=\"\" class=\"wp-image-994\" srcset=\"https:\/\/www.sociallycorrect.it\/website\/wp-content\/uploads\/2024\/02\/84dbaf8b-a44e-46e5-b31f-e55e44b2bf31-1024x861.jpg 1024w, https:\/\/www.sociallycorrect.it\/website\/wp-content\/uploads\/2024\/02\/84dbaf8b-a44e-46e5-b31f-e55e44b2bf31-300x252.jpg 300w, https:\/\/www.sociallycorrect.it\/website\/wp-content\/uploads\/2024\/02\/84dbaf8b-a44e-46e5-b31f-e55e44b2bf31-768x646.jpg 768w, https:\/\/www.sociallycorrect.it\/website\/wp-content\/uploads\/2024\/02\/84dbaf8b-a44e-46e5-b31f-e55e44b2bf31-1536x1292.jpg 1536w, https:\/\/www.sociallycorrect.it\/website\/wp-content\/uploads\/2024\/02\/84dbaf8b-a44e-46e5-b31f-e55e44b2bf31.jpg 2048w\" sizes=\"auto, (max-width: 1024px) 100vw, 1024px\" \/><\/figure>\n\n\n\n<figure class=\"wp-block-image size-large\"><img loading=\"lazy\" decoding=\"async\" width=\"1024\" height=\"768\" data-id=\"988\" src=\"https:\/\/www.sociallycorrect.it\/website\/wp-content\/uploads\/2024\/02\/752cfaa9-27df-4651-bc67-dd353d425a0d.jpg\" alt=\"\" class=\"wp-image-988\" srcset=\"https:\/\/www.sociallycorrect.it\/website\/wp-content\/uploads\/2024\/02\/752cfaa9-27df-4651-bc67-dd353d425a0d.jpg 1024w, https:\/\/www.sociallycorrect.it\/website\/wp-content\/uploads\/2024\/02\/752cfaa9-27df-4651-bc67-dd353d425a0d-300x225.jpg 300w, https:\/\/www.sociallycorrect.it\/website\/wp-content\/uploads\/2024\/02\/752cfaa9-27df-4651-bc67-dd353d425a0d-768x576.jpg 768w\" sizes=\"auto, (max-width: 1024px) 100vw, 1024px\" \/><\/figure>\n\n\n\n<figure class=\"wp-block-image aligncenter size-full\"><img loading=\"lazy\" decoding=\"async\" width=\"1198\" height=\"1600\" data-id=\"989\" src=\"https:\/\/www.sociallycorrect.it\/website\/wp-content\/uploads\/2024\/02\/d354651a-919f-484e-9a98-e7526fe19b78.jpg\" alt=\"\" class=\"wp-image-989\" srcset=\"https:\/\/www.sociallycorrect.it\/website\/wp-content\/uploads\/2024\/02\/d354651a-919f-484e-9a98-e7526fe19b78.jpg 1198w, https:\/\/www.sociallycorrect.it\/website\/wp-content\/uploads\/2024\/02\/d354651a-919f-484e-9a98-e7526fe19b78-225x300.jpg 225w, https:\/\/www.sociallycorrect.it\/website\/wp-content\/uploads\/2024\/02\/d354651a-919f-484e-9a98-e7526fe19b78-767x1024.jpg 767w, https:\/\/www.sociallycorrect.it\/website\/wp-content\/uploads\/2024\/02\/d354651a-919f-484e-9a98-e7526fe19b78-768x1026.jpg 768w, https:\/\/www.sociallycorrect.it\/website\/wp-content\/uploads\/2024\/02\/d354651a-919f-484e-9a98-e7526fe19b78-1150x1536.jpg 1150w\" sizes=\"auto, (max-width: 1198px) 100vw, 1198px\" \/><\/figure>\n\n\n\n<figure class=\"wp-block-image size-full is-style-default\" style=\"margin-top:0;margin-bottom:0\"><img loading=\"lazy\" decoding=\"async\" width=\"768\" height=\"1024\" data-id=\"993\" src=\"https:\/\/www.sociallycorrect.it\/website\/wp-content\/uploads\/2024\/02\/93f9b699-66bf-4026-9a78-ea753cd2be1a.jpg\" alt=\"\" class=\"wp-image-993\" srcset=\"https:\/\/www.sociallycorrect.it\/website\/wp-content\/uploads\/2024\/02\/93f9b699-66bf-4026-9a78-ea753cd2be1a.jpg 768w, https:\/\/www.sociallycorrect.it\/website\/wp-content\/uploads\/2024\/02\/93f9b699-66bf-4026-9a78-ea753cd2be1a-225x300.jpg 225w\" sizes=\"auto, (max-width: 768px) 100vw, 768px\" \/><\/figure>\n\n\n\n<figure class=\"wp-block-image size-large\" style=\"margin-top:0;margin-right:var(--wp--preset--spacing--60);margin-bottom:0;margin-left:var(--wp--preset--spacing--60)\"><img loading=\"lazy\" decoding=\"async\" width=\"357\" height=\"1024\" data-id=\"2216\" src=\"https:\/\/www.sociallycorrect.it\/website\/wp-content\/uploads\/2026\/02\/CONCORSO_XIV-357x1024.jpeg\" alt=\"\" class=\"wp-image-2216\" srcset=\"https:\/\/www.sociallycorrect.it\/website\/wp-content\/uploads\/2026\/02\/CONCORSO_XIV-357x1024.jpeg 357w, https:\/\/www.sociallycorrect.it\/website\/wp-content\/uploads\/2026\/02\/CONCORSO_XIV.jpeg 452w\" sizes=\"auto, (max-width: 357px) 100vw, 357px\" \/><\/figure>\n<\/figure>\n","protected":false},"excerpt":{"rendered":"<p>L\u2019evento per la 14a&nbsp;edizione del concorso dedicata al tema dell\u2019inserimento delle persone con disabilit\u00e0 nel mondo del lavoro, organizzato in collaborazione con il Ministro per le disabilit\u00e0, si \u00e8 svolto a Spoleto il 9 luglio alla Sala Convegni San Nicol\u00f2, Spoleto. L\u2019evento di premiazione \u00e8 stato aperto da&nbsp;Andrea Sisti,&nbsp;Sindaco di Spoleto e Presidente della Fondazione [&hellip;]<\/p>\n","protected":false},"author":1,"featured_media":0,"parent":280,"menu_order":0,"comment_status":"closed","ping_status":"closed","template":"","meta":{"footnotes":""},"class_list":["post-571","page","type-page","status-publish","hentry"],"_links":{"self":[{"href":"https:\/\/www.sociallycorrect.it\/website\/wp-json\/wp\/v2\/pages\/571","targetHints":{"allow":["GET"]}}],"collection":[{"href":"https:\/\/www.sociallycorrect.it\/website\/wp-json\/wp\/v2\/pages"}],"about":[{"href":"https:\/\/www.sociallycorrect.it\/website\/wp-json\/wp\/v2\/types\/page"}],"author":[{"embeddable":true,"href":"https:\/\/www.sociallycorrect.it\/website\/wp-json\/wp\/v2\/users\/1"}],"replies":[{"embeddable":true,"href":"https:\/\/www.sociallycorrect.it\/website\/wp-json\/wp\/v2\/comments?post=571"}],"version-history":[{"count":20,"href":"https:\/\/www.sociallycorrect.it\/website\/wp-json\/wp\/v2\/pages\/571\/revisions"}],"predecessor-version":[{"id":2221,"href":"https:\/\/www.sociallycorrect.it\/website\/wp-json\/wp\/v2\/pages\/571\/revisions\/2221"}],"up":[{"embeddable":true,"href":"https:\/\/www.sociallycorrect.it\/website\/wp-json\/wp\/v2\/pages\/280"}],"wp:attachment":[{"href":"https:\/\/www.sociallycorrect.it\/website\/wp-json\/wp\/v2\/media?parent=571"}],"curies":[{"name":"wp","href":"https:\/\/api.w.org\/{rel}","templated":true}]}}